{"id":11060,"date":"2021-04-30T16:13:07","date_gmt":"2021-04-30T16:13:07","guid":{"rendered":"https:\/\/cardouro.pt\/?page_id=11060"},"modified":"2021-08-18T22:58:41","modified_gmt":"2021-08-18T22:58:41","slug":"automoveis","status":"publish","type":"page","link":"https:\/\/cardouro.pt\/en\/automoveis\/","title":{"rendered":"Cars"},"content":{"rendered":"<div data-elementor-type=\"wp-page\" data-elementor-id=\"11060\" class=\"elementor elementor-11060\" data-elementor-settings=\"[]\">\n\t\t\t\t\t\t\t<div class=\"elementor-section-wrap\">\n\t\t\t\t\t\t\t<section class=\"elementor-section elementor-top-section elementor-element elementor-element-32e052ec elementor-section-full_width elementor-section-height-min-height elementor-section-items-stretch elementor-section-content-middle elementor-section-height-default\" data-id=\"32e052ec\" data-element_type=\"section\" data-settings=\"{&quot;background_background&quot;:&quot;classic&quot;}\">\n\t\t\t\t\t\t\t<div class=\"elementor-background-overlay\"><\/div>\n\t\t\t\t\t\t\t<div class=\"elementor-container elementor-column-gap-default\">\n\t\t\t\t\t<div class=\"elementor-column elementor-col-100 elementor-top-column elementor-element elementor-element-66ca40cd\" data-id=\"66ca40cd\" data-element_type=\"column\" data-settings=\"{&quot;background_background&quot;:&quot;gradient&quot;}\">\n\t\t\t<div class=\"elementor-widget-wrap elementor-element-populated\">\n\t\t\t\t\t\t\t\t<div class=\"elementor-element elementor-element-5641779 elementor-widget elementor-widget-heading\" data-id=\"5641779\" data-element_type=\"widget\" data-widget_type=\"heading.default\">\n\t\t\t\t<div class=\"elementor-widget-container\">\n\t\t\t<h2 class=\"elementor-heading-title elementor-size-default\">Cars<\/h2>\t\t<\/div>\n\t\t\t\t<\/div>\n\t\t\t\t\t<\/div>\n\t\t<\/div>\n\t\t\t\t\t\t\t<\/div>\n\t\t<\/section>\n\t\t\t\t<section class=\"elementor-section elementor-top-section elementor-element elementor-element-d87831e elementor-section-boxed elementor-section-height-default elementor-section-height-default\" data-id=\"d87831e\" data-element_type=\"section\">\n\t\t\t\t\t\t<div class=\"elementor-container elementor-column-gap-default\">\n\t\t\t\t\t<div class=\"elementor-column elementor-col-100 elementor-top-column elementor-element elementor-element-e645ac3\" data-id=\"e645ac3\" data-element_type=\"column\">\n\t\t\t<div class=\"elementor-widget-wrap elementor-element-populated\">\n\t\t\t\t\t\t\t\t<div class=\"elementor-element elementor-element-d97ee54 elementor-widget elementor-widget-shortcode\" data-id=\"d97ee54\" data-element_type=\"widget\" data-widget_type=\"shortcode.default\">\n\t\t\t\t<div class=\"elementor-widget-container\">\n\t\t\t\t\t<div class=\"elementor-shortcode\"><div class=\"archive-listing-page\">\n    <div class=\"container\">\n        <div class=\"row\">\n\n        <div class=\"col-md-3 col-sm-12 classic-filter-row sidebar-sm-mg-bt\">\n        <form action=\"https:\/\/cardouro.pt\/en\/wp-json\/wp\/v2\/pages\/11060\/\" method=\"get\" data-trigger=\"filter\" data-trp-original-action=\"https:\/\/cardouro.pt\/en\/wp-json\/wp\/v2\/pages\/11060\/\">\n\t<div class=\"filter filter-sidebar ajax-filter\">\n\n\t\t\n\t\t<div class=\"sidebar-entry-header\">\n\t\t\t<i class=\"stm-icon-car_search\"><\/i>\n\t\t\t<span class=\"h4\">Search Options<\/span>\n\t\t<\/div>\n\n\t\t<div class=\"row row-pad-top-24\">\n\t\t\t                                                <div class=\"col-md-12 col-sm-6 stm-filter_condition\">\n                            <div class=\"form-group\">\n                                <select name=\"condition\" class=\"form-control\">\n                        <option value=\"\"  selected='selected' >\n                Condition            <\/option>\n                    <option value=\"semi-novo\"  >\n                Barely Used            <\/option>\n                    <option value=\"usado\"  >\n                Used            <\/option>\n            <\/select>                            <\/div>\n                        <\/div>\n                                                            \t\t\t                                                <div class=\"col-md-12 col-sm-6 stm-filter_make\">\n                            <div class=\"form-group\">\n                                <select name=\"make\" class=\"form-control\">\n                        <option value=\"\"  selected='selected' >\n                Brand            <\/option>\n                    <option value=\"abarth\"  >\n                Abarth            <\/option>\n                    <option value=\"audi\"  >\n                Audi            <\/option>\n                    <option value=\"bmw\"  >\n                BMW            <\/option>\n                    <option value=\"citroen\"  >\n                Citroen            <\/option>\n                    <option value=\"ferrari\"  >\n                Ferrari            <\/option>\n                    <option value=\"fiat\"  >\n                Fiat            <\/option>\n                    <option value=\"ford\"  >\n                Ford            <\/option>\n                    <option value=\"jeep\"  >\n                JEEP            <\/option>\n                    <option value=\"land-rover\"  >\n                Land Rover            <\/option>\n                    <option value=\"mazda\"  >\n                Mazda            <\/option>\n                    <option value=\"mercedes-benz\"  >\n                Mercedes-Benz            <\/option>\n                    <option value=\"mini\"  >\n                Mini            <\/option>\n                    <option value=\"mitsubishi\"  >\n                Mitsubishi            <\/option>\n                    <option value=\"opel\"  >\n                Opel            <\/option>\n                    <option value=\"porsche\"  >\n                Porsche            <\/option>\n                    <option value=\"renault\"  >\n                Renault            <\/option>\n                    <option value=\"volvo\"  >\n                Volvo            <\/option>\n                    <option value=\"yamaha\"  >\n                YAMAHA            <\/option>\n            <\/select>                            <\/div>\n                        <\/div>\n                                                            \t\t\t                                                <div class=\"col-md-12 col-sm-6 stm-filter_serie\">\n                            <div class=\"form-group\">\n                                <select name=\"serie\" class=\"form-control\">\n                        <option value=\"\"  selected='selected' >\n                Model            <\/option>\n                    <option value=\"5-portas\"  >\n                5 PORTAS            <\/option>\n                    <option value=\"500\"  >\n                500            <\/option>\n                    <option value=\"500-e-la-prima-by-bocelli\"  >\n                500 e La Prima (by Bocelli)            <\/option>\n                    <option value=\"500e\"  >\n                500e            <\/option>\n                    <option value=\"520\"  >\n                520            <\/option>\n                    <option value=\"520-d-touring-pack-m\"  >\n                520 d TOURING PACK M            <\/option>\n                    <option value=\"595\"  >\n                595            <\/option>\n                    <option value=\"595-1-4-t-jet-pista\"  >\n                595 1.4 T-JET PISTA            <\/option>\n                    <option value=\"911\"  >\n                911            <\/option>\n                    <option value=\"996-carrera-4s\"  >\n                996 CARRERA 4S            <\/option>\n                    <option value=\"a-200\"  >\n                A 200            <\/option>\n                    <option value=\"a200\"  >\n                A200            <\/option>\n                    <option value=\"a4-avant-35-tdi-s-line\"  >\n                A4 AVANT 35 TDI S LINE            <\/option>\n                    <option value=\"a5-sportback-40-tdi-s-line-s-tronic\"  >\n                A5 SPORTBACK 40 TDI S LINE S TRONIC            <\/option>\n                    <option value=\"amg-gt\"  >\n                AMG GT            <\/option>\n                    <option value=\"arkana\"  >\n                Arkana            <\/option>\n                    <option value=\"astra-1-6-t-phev-gs-line\"  >\n                ASTRA 1.6. T PHEV GS LINE            <\/option>\n                    <option value=\"boxster-718-2-0-t-pdk-cabrio\"  >\n                BOXSTER 718 2.0 T PDK CABRIO            <\/option>\n                    <option value=\"c220\"  >\n                C220            <\/option>\n                    <option value=\"c4-1-2-puretech-shine\"  >\n                C4 1.2. PURETECH SHINE            <\/option>\n                    <option value=\"california\"  >\n                California            <\/option>\n                    <option value=\"carrera-cabrio-911-991-2-s-pdk\"  >\n                CARRERA CABRIO 911 (991) 2 S PDK            <\/option>\n                    <option value=\"cayenne-e-hybrid-coupe\"  >\n                CAYENNE E-HYBRID COUP\u00c9            <\/option>\n                    <option value=\"cayman-2-9-pdk\"  >\n                CAYMAN 2.9 PDK            <\/option>\n                    <option value=\"cla-180-d-progressive\"  >\n                CLA 180 d Progressive            <\/option>\n                    <option value=\"cls-300-d-amg-line\"  >\n                CLS 300 d AMG Line            <\/option>\n                    <option value=\"clubman\"  >\n                Clubman            <\/option>\n                    <option value=\"clubman-cooper-sd-auto\"  >\n                Clubman Cooper SD Auto            <\/option>\n                    <option value=\"countryman\"  >\n                Countryman            <\/option>\n                    <option value=\"countryman-cooper-se-all4-auto\"  >\n                COUNTRYMAN COOPER SE ALL4 AUTO            <\/option>\n                    <option value=\"defender\"  >\n                Defender            <\/option>\n                    <option value=\"discovery-sport-phev-r-dynamic-se\"  >\n                Discovery Sport PHEV R-Dynamic SE            <\/option>\n                    <option value=\"e-53-amg-4-matic\"  >\n                E 53 AMG 4 MATIC            <\/option>\n                    <option value=\"e-amg-53\"  >\n                E AMG 53            <\/option>\n                    <option value=\"e220\"  >\n                E220            <\/option>\n                    <option value=\"e300\"  >\n                E300            <\/option>\n                    <option value=\"focus-2-3-rs\"  >\n                FOCUS 2.3 RS            <\/option>\n                    <option value=\"focus-station-1-0-ecoboost-active\"  >\n                FOCUS STATION 1.0 ECOBOOST ACTIVE            <\/option>\n                    <option value=\"glc-350\"  >\n                GLC 350            <\/option>\n                    <option value=\"i4\"  >\n                i4            <\/option>\n                    <option value=\"jk-rubicon-2-8-crd\"  >\n                JK RUBICON 2.8 CRD            <\/option>\n                    <option value=\"l200-2-2-strakar-4x4\"  >\n                L200 2.2. STRAKAR 4X4            <\/option>\n                    <option value=\"macan\"  >\n                MACAN            <\/option>\n                    <option value=\"mx-5\"  >\n                MX-5            <\/option>\n                    <option value=\"panamera\"  >\n                Panamera            <\/option>\n                    <option value=\"q8-55-e-tron\"  >\n                Q8 55 E-TRON            <\/option>\n                    <option value=\"s450-4matic\"  >\n                S450 4MATIC            <\/option>\n                    <option value=\"slk-200\"  >\n                SLK 200            <\/option>\n                    <option value=\"sq8-4-0-tdi-quattro-tiptronic\"  >\n                SQ8 4.0 TDI quattro Tiptronic            <\/option>\n                    <option value=\"tmax\"  >\n                TMAX            <\/option>\n                    <option value=\"v60\"  >\n                V60            <\/option>\n                    <option value=\"wrangler\"  >\n                WRANGLER            <\/option>\n                    <option value=\"wrangler-iii\"  >\n                WRANGLER III            <\/option>\n                    <option value=\"x1\"  >\n                X1            <\/option>\n                    <option value=\"x4\"  >\n                X4            <\/option>\n                    <option value=\"z4\"  >\n                Z4            <\/option>\n                    <option value=\"z4-30i-pack-m\"  >\n                Z4 30i Pack M            <\/option>\n            <\/select>                            <\/div>\n                        <\/div>\n                                                            \t\t\t                                                <div class=\"col-md-12 col-sm-6 stm-filter_mileage\">\n                            <div class=\"form-group\">\n                                <select name=\"mileage\" class=\"form-control\">\n                        <option value=\"\"  selected='selected' >\n                Max Mileage            <\/option>\n                    <option value=\"&lt;5000\"  >\n                < 5000             <\/option>\n                    <option value=\"5000-10000\"  >\n                5000-10000             <\/option>\n                    <option value=\"10000-15000\"  >\n                10000-15000             <\/option>\n                    <option value=\"15000-20000\"  >\n                15000-20000             <\/option>\n                    <option value=\"20000-25000\"  >\n                20000-25000             <\/option>\n                    <option value=\"&gt;25000\"  >\n                >25000             <\/option>\n            <\/select>                            <\/div>\n                        <\/div>\n                                                            \t\t\t                                                <div class=\"col-md-12 col-sm-6 stm-filter_transmission\">\n                            <div class=\"form-group\">\n                                <select name=\"transmission\" class=\"form-control\">\n                        <option value=\"\"  selected='selected' >\n                Transmission            <\/option>\n                    <option value=\"automatica\"  >\n                Auto            <\/option>\n                    <option value=\"6-manual\"  >\n                Manual            <\/option>\n            <\/select>                            <\/div>\n                        <\/div>\n                                                            \t\t\t\t\t\t<div class=\"col-md-12 col-sm-12\">\n    <div class=\"filter-price stm-slider-filter-type-unit\">\n        <div class=\"clearfix\">\n            <h5 class=\"pull-left\">Price<\/h5>\n            <div class=\"stm-current-slider-labels\">\u20ac6.000 \u2014 \u20ac450.000<\/div>\n        <\/div>\n\n        <div class=\"stm-price-range-unit\">\n            <div class=\"stm-price-range stm-filter-type-slider\"><\/div>\n        <\/div>\n        <div class=\"row\">\n            <div class=\"col-md-6 col-sm-6 col-md-wider-right\">\n                <input type=\"text\" name=\"min_price\"\n                       id=\"stm_filter_min_price\" class=\"form-control\"  \/>\n            <\/div>\n            <div class=\"col-md-6 col-sm-6 col-md-wider-left\">\n                <input type=\"text\" name=\"max_price\"\n                       id=\"stm_filter_max_price\" class=\"form-control\"\/>\n            <\/div>\n        <\/div>\n    <\/div>\n\n    <!--Init slider-->\n    \n<script type=\"text\/javascript\">\n    var stmOptions_price;\n    (function ($) {\n        $(document).ready(function () {\n            var affix = \"\u20ac\";\n            var stmMinValue = 6000;\n            var stmMaxValue = 450000;\n            stmOptions_price = {\n                range: true,\n                min: 6000,\n                max: 450000,\n                values: [6000, 450000],\n                step: 50,\n                slide: function (event, ui) {\n                    $(\"#stm_filter_min_price\").val(ui.values[0]);\n                    $(\"#stm_filter_max_price\").val(ui.values[1]);\n                                        var stmCurrency = \"\u20ac\";\n                    var stmPriceDel = \".\";\n                    var stmCurrencyPos = \"left\";\n                    var stmText = stm_get_price_view(ui.values[0], stmCurrency, stmCurrencyPos, stmPriceDel ) + ' - ' + stm_get_price_view(ui.values[1], stmCurrency, stmCurrencyPos, stmPriceDel );\n                    \n                    $('.filter-price .stm-current-slider-labels').html(stmText);\n                }\n            };\n            $(\".stm-price-range\").slider(stmOptions_price);\n\n\n            $(\"#stm_filter_min_price\").val($(\".stm-price-range\").slider(\"values\", 0));\n            $(\"#stm_filter_max_price\").val($(\".stm-price-range\").slider(\"values\", 1));\n\n            $(\"#stm_filter_min_price\").on('keyup', function () {\n                $(\".stm-price-range\").slider(\"values\", 0, $(this).val());\n            });\n\n            $(\"#stm_filter_min_price\").on('focusout', function () {\n                if ($(this).val() < stmMinValue) {\n                    $(\".stm-price-range\").slider(\"values\", 0, stmMinValue);\n                    $(this).val(stmMinValue);\n                }\n            });\n\n            $(\"#stm_filter_max_price\").on('keyup', function () {\n                $(\".stm-price-range\").slider(\"values\", 1, $(this).val());\n            });\n\n            $(\"#stm_filter_max_price\").on('focusout', function () {\n                if ($(this).val() > stmMaxValue) {\n                    $(\".stm-price-range\").slider(\"values\", 1, stmMaxValue);\n                    $(this).val(stmMaxValue);\n                }\n            });\n        })\n    })(jQuery);\n<\/script><\/div>                \t\t\t                                                <div class=\"col-md-12 col-sm-6 stm-filter_veiculos\">\n                            <div class=\"form-group\">\n                                <select name=\"veiculos\" class=\"form-control\">\n                        <option value=\"\"  selected='selected' >\n                Vehicles            <\/option>\n                    <option value=\"automovel\"  >\n                Autom\u00f3vel            <\/option>\n                    <option value=\"motociclo\"  >\n                Motociclo            <\/option>\n            <\/select>                            <\/div>\n                        <\/div>\n                                                            \t\t\t\n\t\t\t\n            \n            <!--Location inputs-->\n\n\n\n\t\t<\/div>\n\n\t\t<!--View type-->\n\t\t<input type=\"hidden\" id=\"stm_view_type\" name=\"view_type\"\n\t\t       value=\"\"\/>\n\t\t<!--Filter links-->\n\t\t<input type=\"hidden\" id=\"stm-filter-links-input\" name=\"stm_filter_link\" value=\"\"\/>\n\t\t<!--Popular-->\n\t\t<input type=\"hidden\" name=\"popular\" value=\"\"\/>\n\n\t\t<input type=\"hidden\" name=\"s\" value=\"\"\/>\n\t\t<input type=\"hidden\" name=\"sort_order\" value=\"\"\/>\n\n\t\t<div class=\"sidebar-action-units\">\n\t\t\t<input id=\"stm-classic-filter-submit\" class=\"hidden\" type=\"submit\"\n\t\t\t       value=\"Show cars\"\/>\n\n\t\t\t<a href=\"https:\/\/cardouro.pt\/en\/automoveis\/\"\n\t\t\t   class=\"button\"><span>Reset all<\/span><\/a>\n\t\t<\/div>\n\n\t\t\t<\/div>\n\n\t\n<input type=\"hidden\" name=\"trp-form-language\" value=\"en\"\/><\/form>\n\n\n        <!--Sidebar-->\n        <div class=\"stm-inventory-sidebar\">\n                    <\/div>\n    <\/div>\n\n    <div class=\"col-md-9 col-sm-12\">\n\n        <div class=\"stm-ajax-row\">\n            <div class=\"stm-car-listing-sort-units clearfix\">\n\t<div class=\"stm-sort-by-options clearfix\">\n\t\t<span>Sort by:<\/span>\n\t\t<div class=\"stm-select-sorting\">\n\t\t\t<select>\n\t\t\t\t<option value=\"date_high\" selected>Date: newest first<\/option><option value=\"date_low\" >Date: oldest first<\/option><option value=\"price_low\" >Price: lower first<\/option><option value=\"price_high\" >Price: highest first<\/option><option value=\"mileage_low\" >Mileage: lowest first<\/option><option value=\"mileage_high\" >Mileage: highest first<\/option>\t\t\t<\/select>\n\t\t<\/div>\n\t<\/div>\n\n\t\n\t<div class=\"stm-view-by\">\n\t\t<a href=\"#\" class=\"view-grid view-type active\" data-view=\"grid\">\n\t\t\t<i class=\"stm-icon-grid\"><\/i>\n\t\t<\/a>\n\t\t<a href=\"#\" class=\"view-list view-type\" data-view=\"list\">\n\t\t\t<i class=\"stm-icon-list\"><\/i>\n\t\t<\/a>\n\t<\/div>\n<\/div>\n            <div id=\"listings-result\">\n                \n\t<div class=\"stm-featured-top-cars-title\">\n\t\t<div class=\"heading-font\">Featured Classified<\/div>\n\t\t<a href=\"https:\/\/cardouro.pt\/en\/automoveis\/?featured_top=true\">\n\t\t\tShow all\t\t<\/a>\n\t<\/div>\n\n\t\t\t\t\t\t<div class=\"row row-3 car-listing-row car-listing-modern-grid\">\n\t\t\n\n\t\t\t<div class=\"stm-isotope-sorting stm-isotope-sorting-featured-top\">\n\n\t\t\t\t\n<div\n    class=\"col-md-4 col-sm-4 col-xs-12 col-xxs-12  stm-directory-grid-loop stm-isotope-listing-item all  18-meses-382 alcantara-641 automatica-129 automatico-395 automovel-577 cinzento-475 cinzento-504 classe-1-478 destaques-571 diesel-168 e220-1140 mercedes-benz-232 nao-544 pele-392 portugal-384 preto-477 sedan-369 sim-365 sim-367 sim-388 sim-390 sim-476 sim-482 traccao-traseira-379 usado-612 listing_is_active\"\n    data-price=\"33900\"\n    data-date=\"202312290416\"\n    data-mileage=\"\"\n>\n    <a href=\"https:\/\/cardouro.pt\/en\/veiculos\/mercedes-benz-e220d-2\/\" class=\"rmv_txt_drctn\">\n        \n<div class=\"image\">\n                <img\n            data-src=\"https:\/\/cardouro.pt\/wp-content\/uploads\/2025\/09\/IMG_4631-255x135.jpg\"\n            srcset=\"https:\/\/cardouro.pt\/wp-content\/uploads\/2025\/09\/IMG_4631-255x135.jpg 1x, https:\/\/cardouro.pt\/wp-content\/uploads\/2025\/09\/IMG_4631-510x270.jpg 2x\"\n            src=\"https:\/\/cardouro.pt\/wp-content\/themes\/motors-child\/assets\/images\/plchldr255.png\"\n            class=\"lazy img-responsive\"\n            alt=\"IMG_4631\"\n        \/>\n    \n\t\n\t\t\t\t\t<div class=\"stm-badge-directory heading-font\" >\n\t\t\t\tSOLD\t\t\t<\/div>\n\t\t\n\t    \n    <\/div>\n\t\t<div class=\"listing-car-item-meta\">\n\n            <div class=\"car-meta-top heading-font clearfix\">\n\t                                    <div class=\"price\">\n                    <div class=\"normal-price\">\u20ac33.900<\/div>\n                <\/div>\n                            <div class=\"car-title\" data-max-char=\"44\">\n        Mercedes-Benz E220    <\/div>\n<\/div>\n                <div class=\"car-meta-bottom\">\n        <ul>\n                                                                <li>\n                                                    <i class=\"stm-icon-fuel\"><\/i>\n                        \n                        \n                            \n                                                                                                <span>Diesel<\/span>\n                                                            \n                                            <\/li>\n                                                                                <li>\n                                                    <i class=\"stm-icon-road\"><\/i>\n                        \n                                                    <span>109642 km<\/span>\n                                            <\/li>\n                                                                                <li>\n                                                    <i class=\"stm-icon-engine_fill\"><\/i>\n                        \n                                                    <span>1950 cm3<\/span>\n                                            <\/li>\n                                                                                <li>\n                                                    <i class=\"stm-icon-speedometr2\"><\/i>\n                        \n                                                    <span>194 cv<\/span>\n                                            <\/li>\n                                                                                <li>\n                                                    <i class=\"stm-icon-transmission_fill\"><\/i>\n                        \n                        \n                            \n                                                                                                <span>Auto<\/span>\n                                                            \n                                            <\/li>\n                                                                                <li>\n                                                    <i class=\"stm-service-icon-two_users\"><\/i>\n                        \n                                                    <span>4 pax<\/span>\n                                            <\/li>\n                                    <\/ul>\n    <\/div>\n\n\t\t<\/div>\n\t<\/a>\n<\/div>\n\n<div\n    class=\"col-md-4 col-sm-4 col-xs-12 col-xxs-12  stm-directory-grid-loop stm-isotope-listing-item all  24-meses-383 automatica-129 automatico-395 automovel-577 bege-558 cabrio-375 california-554 cinzento-475 classe-1-478 ferrari-553 gasolina-206 nao-544 pele-392 portugal-384 rigida-557 sim-365 sim-367 sim-388 sim-390 sim-476 sim-482 sim-505 t-555 traccao-traseira-379 usado-612 listing_is_active\"\n    data-price=\"180900\"\n    data-date=\"201912261240\"\n    data-mileage=\"\"\n>\n    <a href=\"https:\/\/cardouro.pt\/en\/veiculos\/ferrari-california-t\/\" class=\"rmv_txt_drctn\">\n        \n<div class=\"image\">\n                <img\n            data-src=\"https:\/\/cardouro.pt\/wp-content\/uploads\/2019\/12\/ZM3_4565-1-255x135.jpg\"\n            srcset=\"https:\/\/cardouro.pt\/wp-content\/uploads\/2019\/12\/ZM3_4565-1-255x135.jpg 1x, https:\/\/cardouro.pt\/wp-content\/uploads\/2019\/12\/ZM3_4565-1-510x270.jpg 2x\"\n            src=\"https:\/\/cardouro.pt\/wp-content\/themes\/motors-child\/assets\/images\/plchldr255.png\"\n            class=\"lazy img-responsive\"\n            alt=\"ZM3_4565 (1)\"\n        \/>\n    \n\t\n\t\t\t\t\t<div class=\"stm-badge-directory heading-font\" >\n\t\t\t\tSOLD\t\t\t<\/div>\n\t\t\n\t    \n    <\/div>\n\t\t<div class=\"listing-car-item-meta\">\n\n            <div class=\"car-meta-top heading-font clearfix\">\n\t                                    <div class=\"price\">\n                    <div class=\"normal-price\">\u20ac180.900<\/div>\n                <\/div>\n                            <div class=\"car-title\" data-max-char=\"44\">\n        Ferrari California    <\/div>\n<\/div>\n                <div class=\"car-meta-bottom\">\n        <ul>\n                                                                <li>\n                                                    <i class=\"stm-icon-fuel\"><\/i>\n                        \n                        \n                            \n                                                                                                <span>Gasoline<\/span>\n                                                            \n                                            <\/li>\n                                                                                <li>\n                                                    <i class=\"stm-icon-road\"><\/i>\n                        \n                                                    <span>11087 km<\/span>\n                                            <\/li>\n                                                                                <li>\n                                                    <i class=\"stm-icon-engine_fill\"><\/i>\n                        \n                                                    <span>3855 cm3<\/span>\n                                            <\/li>\n                                                                                <li>\n                                                    <i class=\"stm-icon-speedometr2\"><\/i>\n                        \n                                                    <span>560 cv<\/span>\n                                            <\/li>\n                                                                                <li>\n                                                    <i class=\"stm-icon-transmission_fill\"><\/i>\n                        \n                        \n                            \n                                                                                                <span>Auto<\/span>\n                                                            \n                                            <\/li>\n                                                                                <li>\n                                                    <i class=\"stm-service-icon-two_users\"><\/i>\n                        \n                                                    <span>4 pax<\/span>\n                                            <\/li>\n                                    <\/ul>\n    <\/div>\n\n\t\t<\/div>\n\t<\/a>\n<\/div>\n\n<div\n    class=\"col-md-4 col-sm-4 col-xs-12 col-xxs-12  stm-directory-grid-loop stm-isotope-listing-item all  18-meses-382 automatica-129 automovel-577 camel-1159 carrinha-372 classe-1-478 cooper-se-all4-auto-1090 countryman-832 destaques-571 gasolina-206 hibrido-216 integral-377 manual-394 mini-671 panoramico-595 pele-392 portugal-384 preto-529 sim-365 sim-367 sim-388 sim-390 sim-476 sim-482 usado-612 listing_is_active\"\n    data-price=\"30900\"\n    data-date=\"202312290344\"\n    data-mileage=\"\"\n>\n    <a href=\"https:\/\/cardouro.pt\/en\/veiculos\/mini-countryman-cooper-se-all4-auto-3\/\" class=\"rmv_txt_drctn\">\n        \n<div class=\"image\">\n                <img\n            data-src=\"https:\/\/cardouro.pt\/wp-content\/uploads\/2025\/06\/IMG_3939-255x135.jpg\"\n            srcset=\"https:\/\/cardouro.pt\/wp-content\/uploads\/2025\/06\/IMG_3939-255x135.jpg 1x, https:\/\/cardouro.pt\/wp-content\/uploads\/2025\/06\/IMG_3939-510x270.jpg 2x\"\n            src=\"https:\/\/cardouro.pt\/wp-content\/themes\/motors-child\/assets\/images\/plchldr255.png\"\n            class=\"lazy img-responsive\"\n            alt=\"IMG_3939\"\n        \/>\n    \n\t\n\t\t\t\t\t<div class=\"stm-badge-directory heading-font\" >\n\t\t\t\tSOLD\t\t\t<\/div>\n\t\t\n\t    \n    <\/div>\n\t\t<div class=\"listing-car-item-meta\">\n\n            <div class=\"car-meta-top heading-font clearfix\">\n\t                                    <div class=\"price\">\n                    <div class=\"normal-price\">\u20ac30.900<\/div>\n                <\/div>\n                            <div class=\"car-title\" data-max-char=\"44\">\n        Mini Countryman    <\/div>\n<\/div>\n                <div class=\"car-meta-bottom\">\n        <ul>\n                                                                <li>\n                                                    <i class=\"stm-icon-fuel\"><\/i>\n                        \n                        \n                            \n                                                            \n                                    <span\n                                        class=\"stm-tooltip-link\"\n                                        data-toggle=\"tooltip\"\n                                        data-placement=\"bottom\"\n                                        title=\"Gasolina, H\u00edbrido\">\n\t\t\t\t\t\t\t\t\t\t\t\t\t\tGasoline<span class=\"stm-dots dots-aligned\">...<\/span>\t\t\t\t\t\t\t\t\t\t\t\t\t<\/span>\n\n                                                            \n                                            <\/li>\n                                                                                <li>\n                                                    <i class=\"stm-icon-road\"><\/i>\n                        \n                                                    <span>79191 km<\/span>\n                                            <\/li>\n                                                                                <li>\n                                                    <i class=\"stm-icon-engine_fill\"><\/i>\n                        \n                                                    <span>1499 cm3<\/span>\n                                            <\/li>\n                                                                                <li>\n                                                    <i class=\"stm-icon-speedometr2\"><\/i>\n                        \n                                                    <span>220 cv<\/span>\n                                            <\/li>\n                                                                                <li>\n                                                    <i class=\"stm-icon-transmission_fill\"><\/i>\n                        \n                        \n                            \n                                                                                                <span>Auto<\/span>\n                                                            \n                                            <\/li>\n                                                                                <li>\n                                                    <i class=\"stm-service-icon-two_users\"><\/i>\n                        \n                                                    <span>5 pax<\/span>\n                                            <\/li>\n                                    <\/ul>\n    <\/div>\n\n\t\t<\/div>\n\t<\/a>\n<\/div>\n\n\t\t\t<\/div>\n\n\t\t\t\t\t<\/div>\n\t\t\t\n    <div class=\"stm-isotope-sorting stm-isotope-sorting-grid\">\n                <div class=\"row row-3 car-listing-row car-listing-modern-grid\">\n            \n<div\n    class=\"col-md-4 col-sm-4 col-xs-12 col-xxs-12  stm-directory-grid-loop stm-isotope-listing-item all  18-meses-382 audi-548 automatica-129 automatico-395 automovel-577 cinzento-475 cinzento-504 classe-2-479 destaques-571 diesel-168 hibrido-216 integral-377 pele-392 portugal-384 preto-477 sim-365 sim-367 sim-388 sim-390 sim-476 sim-482 sq8-4-0-tdi-quattro-tiptronic-1315 sq8-4-0-tdi-quattro-tiptronic-1316 suv-tt-374 teto-de-abrir-eletrico-panoramico-1039 usado-612 listing_is_active\"\n    data-price=\"85900\"\n    data-date=\"202604270247\"\n    data-mileage=\"\"\n>\n    <a href=\"https:\/\/cardouro.pt\/en\/veiculos\/audi-sq8-4-0-tdi-quattro-tiptronic\/\" class=\"rmv_txt_drctn\">\n        \n<div class=\"image\">\n                <img\n            data-src=\"https:\/\/cardouro.pt\/wp-content\/uploads\/2026\/04\/IMG_6302-1-255x135.jpg\"\n            srcset=\"https:\/\/cardouro.pt\/wp-content\/uploads\/2026\/04\/IMG_6302-1-255x135.jpg 1x, https:\/\/cardouro.pt\/wp-content\/uploads\/2026\/04\/IMG_6302-1-510x270.jpg 2x\"\n            src=\"https:\/\/cardouro.pt\/wp-content\/themes\/motors-child\/assets\/images\/plchldr255.png\"\n            class=\"lazy img-responsive\"\n            alt=\"IMG_6302\"\n        \/>\n    \n\t    \n    <\/div>\n\t\t<div class=\"listing-car-item-meta\">\n\n            <div class=\"car-meta-top heading-font clearfix\">\n\t                                    <div class=\"price\">\n                    <div class=\"normal-price\">\u20ac85.900<\/div>\n                <\/div>\n                            <div class=\"car-title\" data-max-char=\"44\">\n        Audi SQ8 4.0 TDI quattro Tiptronic    <\/div>\n<\/div>\n                <div class=\"car-meta-bottom\">\n        <ul>\n                                                                <li>\n                                                    <i class=\"stm-icon-fuel\"><\/i>\n                        \n                        \n                            \n                                                            \n                                    <span\n                                        class=\"stm-tooltip-link\"\n                                        data-toggle=\"tooltip\"\n                                        data-placement=\"bottom\"\n                                        title=\"Diesel, H\u00edbrido\">\n\t\t\t\t\t\t\t\t\t\t\t\t\t\tDiesel<span class=\"stm-dots dots-aligned\">...<\/span>\t\t\t\t\t\t\t\t\t\t\t\t\t<\/span>\n\n                                                            \n                                            <\/li>\n                                                                                <li>\n                                                    <i class=\"stm-icon-road\"><\/i>\n                        \n                                                    <span>130270 km<\/span>\n                                            <\/li>\n                                                                                <li>\n                                                    <i class=\"stm-icon-engine_fill\"><\/i>\n                        \n                                                    <span>3956 cm3<\/span>\n                                            <\/li>\n                                                                                <li>\n                                                    <i class=\"stm-icon-speedometr2\"><\/i>\n                        \n                                                    <span>435 cv<\/span>\n                                            <\/li>\n                                                                                <li>\n                                                    <i class=\"stm-icon-transmission_fill\"><\/i>\n                        \n                        \n                            \n                                                                                                <span>Auto<\/span>\n                                                            \n                                            <\/li>\n                                                                                <li>\n                                                    <i class=\"stm-service-icon-two_users\"><\/i>\n                        \n                                                    <span>5 pax<\/span>\n                                            <\/li>\n                                    <\/ul>\n    <\/div>\n\n\t\t<\/div>\n\t<\/a>\n<\/div>\n\n<div\n    class=\"col-md-4 col-sm-4 col-xs-12 col-xxs-12  stm-directory-grid-loop stm-isotope-listing-item all  18-meses-382 automatica-129 automatico-395 automovel-577 classe-1-478 coupe-376 destaques-571 e-53-amg-4-matic-1313 e-53-amg-4-matic-1314 gasolina-206 hibrido-216 integral-377 mercedes-benz-232 pele-392 portugal-384 preto-477 preto-529 sim-365 sim-367 sim-388 sim-390 sim-476 sim-482 teto-de-abrir-eletrico-panoramico-1039 usado-612 listing_is_active\"\n    data-price=\"79900\"\n    data-date=\"202604170359\"\n    data-mileage=\"\"\n>\n    <a href=\"https:\/\/cardouro.pt\/en\/veiculos\/mercedes-benz-e-53-amg-4-matic\/\" class=\"rmv_txt_drctn\">\n        \n<div class=\"image\">\n                <img\n            data-src=\"https:\/\/cardouro.pt\/wp-content\/uploads\/2026\/04\/IMG_6204-255x135.jpg\"\n            srcset=\"https:\/\/cardouro.pt\/wp-content\/uploads\/2026\/04\/IMG_6204-255x135.jpg 1x, https:\/\/cardouro.pt\/wp-content\/uploads\/2026\/04\/IMG_6204-510x270.jpg 2x\"\n            src=\"https:\/\/cardouro.pt\/wp-content\/themes\/motors-child\/assets\/images\/plchldr255.png\"\n            class=\"lazy img-responsive\"\n            alt=\"IMG_6204\"\n        \/>\n    \n\t    \n    <\/div>\n\t\t<div class=\"listing-car-item-meta\">\n\n            <div class=\"car-meta-top heading-font clearfix\">\n\t                                    <div class=\"price\">\n                    <div class=\"normal-price\">\u20ac79.900<\/div>\n                <\/div>\n                            <div class=\"car-title\" data-max-char=\"44\">\n        Mercedes-Benz E 53 AMG 4 MATIC    <\/div>\n<\/div>\n                <div class=\"car-meta-bottom\">\n        <ul>\n                                                                <li>\n                                                    <i class=\"stm-icon-fuel\"><\/i>\n                        \n                        \n                            \n                                                            \n                                    <span\n                                        class=\"stm-tooltip-link\"\n                                        data-toggle=\"tooltip\"\n                                        data-placement=\"bottom\"\n                                        title=\"Gasolina, H\u00edbrido\">\n\t\t\t\t\t\t\t\t\t\t\t\t\t\tGasoline<span class=\"stm-dots dots-aligned\">...<\/span>\t\t\t\t\t\t\t\t\t\t\t\t\t<\/span>\n\n                                                            \n                                            <\/li>\n                                                                                <li>\n                                                    <i class=\"stm-icon-road\"><\/i>\n                        \n                                                    <span>18705 km<\/span>\n                                            <\/li>\n                                                                                <li>\n                                                    <i class=\"stm-icon-engine_fill\"><\/i>\n                        \n                                                    <span>2999 cm3<\/span>\n                                            <\/li>\n                                                                                <li>\n                                                    <i class=\"stm-icon-speedometr2\"><\/i>\n                        \n                                                    <span>435 cv<\/span>\n                                            <\/li>\n                                                                                <li>\n                                                    <i class=\"stm-icon-transmission_fill\"><\/i>\n                        \n                        \n                            \n                                                                                                <span>Auto<\/span>\n                                                            \n                                            <\/li>\n                                                                                <li>\n                                                    <i class=\"stm-service-icon-two_users\"><\/i>\n                        \n                                                    <span>4 pax<\/span>\n                                            <\/li>\n                                    <\/ul>\n    <\/div>\n\n\t\t<\/div>\n\t<\/a>\n<\/div>\n\n<div\n    class=\"col-md-4 col-sm-4 col-xs-12 col-xxs-12  stm-directory-grid-loop stm-isotope-listing-item all  18-meses-382 500-e-la-prima-by-bocelli-1309 500e-la-prima-by-bocelli-1310 8-11-2027-1311 automatica-129 automatico-395 automovel-577 bege-558 cinzento-475 citadino-371 classe-1-478 destaques-571 electrico-175 fiat-646 panoramico-595 pele-392 portugal-384 sim-365 sim-367 sim-388 sim-390 sim-476 sim-482 traccao-dianteira-378 usado-612 listing_is_active\"\n    data-price=\"22900\"\n    data-date=\"202603300333\"\n    data-mileage=\"\"\n>\n    <a href=\"https:\/\/cardouro.pt\/en\/veiculos\/fiat-500e-la-prima-by-bocelli-2\/\" class=\"rmv_txt_drctn\">\n        \n<div class=\"image\">\n                <img\n            data-src=\"https:\/\/cardouro.pt\/wp-content\/uploads\/2026\/03\/IMG_6120-2-255x135.jpg\"\n            srcset=\"https:\/\/cardouro.pt\/wp-content\/uploads\/2026\/03\/IMG_6120-2-255x135.jpg 1x, https:\/\/cardouro.pt\/wp-content\/uploads\/2026\/03\/IMG_6120-2-510x270.jpg 2x\"\n            src=\"https:\/\/cardouro.pt\/wp-content\/themes\/motors-child\/assets\/images\/plchldr255.png\"\n            class=\"lazy img-responsive\"\n            alt=\"IMG_6120 2\"\n        \/>\n    \n\t    \n    <\/div>\n\t\t<div class=\"listing-car-item-meta\">\n\n            <div class=\"car-meta-top heading-font clearfix\">\n\t                                    <div class=\"price\">\n                    <div class=\"normal-price\">\u20ac22.900<\/div>\n                <\/div>\n                            <div class=\"car-title\" data-max-char=\"44\">\n        Fiat 500 e La Prima (by Bocelli)    <\/div>\n<\/div>\n                <div class=\"car-meta-bottom\">\n        <ul>\n                                                                <li>\n                                                    <i class=\"stm-icon-fuel\"><\/i>\n                        \n                        \n                            \n                                                                                                <span>Electric<\/span>\n                                                            \n                                            <\/li>\n                                                                                <li>\n                                                    <i class=\"stm-icon-road\"><\/i>\n                        \n                                                    <span>2471 km<\/span>\n                                            <\/li>\n                                                                                <li>\n                                                    <i class=\"stm-icon-engine_fill\"><\/i>\n                        \n                                                    <span>0 cm3<\/span>\n                                            <\/li>\n                                                                                <li>\n                                                    <i class=\"stm-icon-speedometr2\"><\/i>\n                        \n                                                    <span>95 cv<\/span>\n                                            <\/li>\n                                                                                <li>\n                                                    <i class=\"stm-icon-transmission_fill\"><\/i>\n                        \n                        \n                            \n                                                                                                <span>Auto<\/span>\n                                                            \n                                            <\/li>\n                                                                                <li>\n                                                    <i class=\"stm-service-icon-two_users\"><\/i>\n                        \n                                                    <span>4 pax<\/span>\n                                            <\/li>\n                                    <\/ul>\n    <\/div>\n\n\t\t<\/div>\n\t<\/a>\n<\/div>\n\n<div\n    class=\"col-md-4 col-sm-4 col-xs-12 col-xxs-12  stm-directory-grid-loop stm-isotope-listing-item all  18-meses-382 a5-sportback-40-tdi-s-line-s-tronic-1307 a5-sportback-40-tdi-s-line-s-tronic-1308 audi-548 automatica-129 automatico-395 automovel-577 classe-1-478 destaques-571 diesel-168 nao-544 portugal-384 preto-477 preto-529 sedan-369 sim-365 sim-367 sim-388 sim-390 sim-476 sim-482 tecido-393 traccao-dianteira-378 usado-612 listing_is_active\"\n    data-price=\"35900\"\n    data-date=\"202602170508\"\n    data-mileage=\"\"\n>\n    <a href=\"https:\/\/cardouro.pt\/en\/veiculos\/audi-a5-sportback-40-tdi-s-line-s-tronic\/\" class=\"rmv_txt_drctn\">\n        \n<div class=\"image\">\n                <img\n            data-src=\"https:\/\/cardouro.pt\/wp-content\/uploads\/2026\/02\/IMG_6015-3-255x135.jpg\"\n            srcset=\"https:\/\/cardouro.pt\/wp-content\/uploads\/2026\/02\/IMG_6015-3-255x135.jpg 1x, https:\/\/cardouro.pt\/wp-content\/uploads\/2026\/02\/IMG_6015-3-510x270.jpg 2x\"\n            src=\"https:\/\/cardouro.pt\/wp-content\/themes\/motors-child\/assets\/images\/plchldr255.png\"\n            class=\"lazy img-responsive\"\n            alt=\"IMG_6015 3\"\n        \/>\n    \n\t    \n    <\/div>\n\t\t<div class=\"listing-car-item-meta\">\n\n            <div class=\"car-meta-top heading-font clearfix\">\n\t                                    <div class=\"price\">\n                    <div class=\"normal-price\">\u20ac35.900<\/div>\n                <\/div>\n                            <div class=\"car-title\" data-max-char=\"44\">\n        Audi A5 SPORTBACK 40 TDI S LINE S TRONIC    <\/div>\n<\/div>\n                <div class=\"car-meta-bottom\">\n        <ul>\n                                                                <li>\n                                                    <i class=\"stm-icon-fuel\"><\/i>\n                        \n                        \n                            \n                                                                                                <span>Diesel<\/span>\n                                                            \n                                            <\/li>\n                                                                                <li>\n                                                    <i class=\"stm-icon-road\"><\/i>\n                        \n                                                    <span>110173 km<\/span>\n                                            <\/li>\n                                                                                <li>\n                                                    <i class=\"stm-icon-engine_fill\"><\/i>\n                        \n                                                    <span>1968 cm3<\/span>\n                                            <\/li>\n                                                                                <li>\n                                                    <i class=\"stm-icon-speedometr2\"><\/i>\n                        \n                                                    <span>190 cv<\/span>\n                                            <\/li>\n                                                                                <li>\n                                                    <i class=\"stm-icon-transmission_fill\"><\/i>\n                        \n                        \n                            \n                                                                                                <span>Auto<\/span>\n                                                            \n                                            <\/li>\n                                                                                <li>\n                                                    <i class=\"stm-service-icon-two_users\"><\/i>\n                        \n                                                    <span>5 pax<\/span>\n                                            <\/li>\n                                    <\/ul>\n    <\/div>\n\n\t\t<\/div>\n\t<\/a>\n<\/div>\n\n<div\n    class=\"col-md-4 col-sm-4 col-xs-12 col-xxs-12  stm-directory-grid-loop stm-isotope-listing-item all  18-meses-382 a4-avant-35-tdi-s-line-1299 a4-avant-35-tdi-s-line-1301 alcantara-641 audi-548 automatica-129 automatico-395 automovel-577 carrinha-372 cinzento-504 classe-1-478 destaques-571 diesel-168 hibrido-216 pele-392 portugal-384 preto-477 preto-529 sim-365 sim-367 sim-388 sim-390 sim-476 sim-482 teto-de-abrir-eletrico-1271 traccao-dianteira-378 usado-612 listing_is_active\"\n    data-price=\"28900\"\n    data-date=\"202602120538\"\n    data-mileage=\"\"\n>\n    <a href=\"https:\/\/cardouro.pt\/en\/veiculos\/audi-a4-avant-35-tdi-s-line\/\" class=\"rmv_txt_drctn\">\n        \n<div class=\"image\">\n                <img\n            data-src=\"https:\/\/cardouro.pt\/wp-content\/uploads\/2026\/02\/IMG_5866-255x135.jpg\"\n            srcset=\"https:\/\/cardouro.pt\/wp-content\/uploads\/2026\/02\/IMG_5866-255x135.jpg 1x, https:\/\/cardouro.pt\/wp-content\/uploads\/2026\/02\/IMG_5866-510x270.jpg 2x\"\n            src=\"https:\/\/cardouro.pt\/wp-content\/themes\/motors-child\/assets\/images\/plchldr255.png\"\n            class=\"lazy img-responsive\"\n            alt=\"IMG_5866\"\n        \/>\n    \n\t    \n    <\/div>\n\t\t<div class=\"listing-car-item-meta\">\n\n            <div class=\"car-meta-top heading-font clearfix\">\n\t                                    <div class=\"price\">\n                    <div class=\"normal-price\">\u20ac28.900<\/div>\n                <\/div>\n                            <div class=\"car-title\" data-max-char=\"44\">\n        Audi A4 AVANT 35 TDI S LINE    <\/div>\n<\/div>\n                <div class=\"car-meta-bottom\">\n        <ul>\n                                                                <li>\n                                                    <i class=\"stm-icon-fuel\"><\/i>\n                        \n                        \n                            \n                                                            \n                                    <span\n                                        class=\"stm-tooltip-link\"\n                                        data-toggle=\"tooltip\"\n                                        data-placement=\"bottom\"\n                                        title=\"Diesel, H\u00edbrido\">\n\t\t\t\t\t\t\t\t\t\t\t\t\t\tDiesel<span class=\"stm-dots dots-aligned\">...<\/span>\t\t\t\t\t\t\t\t\t\t\t\t\t<\/span>\n\n                                                            \n                                            <\/li>\n                                                                                <li>\n                                                    <i class=\"stm-icon-road\"><\/i>\n                        \n                                                    <span>143217 km<\/span>\n                                            <\/li>\n                                                                                <li>\n                                                    <i class=\"stm-icon-engine_fill\"><\/i>\n                        \n                                                    <span>1968 cm3<\/span>\n                                            <\/li>\n                                                                                <li>\n                                                    <i class=\"stm-icon-speedometr2\"><\/i>\n                        \n                                                    <span>163 cv<\/span>\n                                            <\/li>\n                                                                                <li>\n                                                    <i class=\"stm-icon-transmission_fill\"><\/i>\n                        \n                        \n                            \n                                                                                                <span>Auto<\/span>\n                                                            \n                                            <\/li>\n                                                                                <li>\n                                                    <i class=\"stm-service-icon-two_users\"><\/i>\n                        \n                                                    <span>5 pax<\/span>\n                                            <\/li>\n                                    <\/ul>\n    <\/div>\n\n\t\t<\/div>\n\t<\/a>\n<\/div>\n\n<div\n    class=\"col-md-4 col-sm-4 col-xs-12 col-xxs-12  stm-directory-grid-loop stm-isotope-listing-item all  18-meses-382 automatica-129 automatico-395 automovel-577 classe-1-478 cls-300-d-amg-line-1276 d-amg-line-723 destaques-571 diesel-168 mercedes-benz-232 pele-392 portugal-384 preto-477 preto-529 sedan-369 sim-365 sim-367 sim-388 sim-390 sim-476 sim-482 teto-de-abrir-eletrico-1271 traccao-traseira-379 usado-612 listing_is_active\"\n    data-price=\"54900\"\n    data-date=\"202601060455\"\n    data-mileage=\"\"\n>\n    <a href=\"https:\/\/cardouro.pt\/en\/veiculos\/mercedes-benz-e300-d-amg\/\" class=\"rmv_txt_drctn\">\n        \n<div class=\"image\">\n                <img\n            data-src=\"https:\/\/cardouro.pt\/wp-content\/uploads\/2026\/01\/IMG_5734-255x135.jpg\"\n            srcset=\"https:\/\/cardouro.pt\/wp-content\/uploads\/2026\/01\/IMG_5734-255x135.jpg 1x, https:\/\/cardouro.pt\/wp-content\/uploads\/2026\/01\/IMG_5734-510x270.jpg 2x\"\n            src=\"https:\/\/cardouro.pt\/wp-content\/themes\/motors-child\/assets\/images\/plchldr255.png\"\n            class=\"lazy img-responsive\"\n            alt=\"IMG_5734\"\n        \/>\n    \n\t    \n    <\/div>\n\t\t<div class=\"listing-car-item-meta\">\n\n            <div class=\"car-meta-top heading-font clearfix\">\n\t                                    <div class=\"price\">\n                    <div class=\"normal-price\">\u20ac54.900<\/div>\n                <\/div>\n                            <div class=\"car-title\" data-max-char=\"44\">\n        Mercedes-Benz CLS 300 d AMG Line    <\/div>\n<\/div>\n                <div class=\"car-meta-bottom\">\n        <ul>\n                                                                <li>\n                                                    <i class=\"stm-icon-fuel\"><\/i>\n                        \n                        \n                            \n                                                                                                <span>Diesel<\/span>\n                                                            \n                                            <\/li>\n                                                                                <li>\n                                                    <i class=\"stm-icon-road\"><\/i>\n                        \n                                                    <span>57925 km<\/span>\n                                            <\/li>\n                                                                                <li>\n                                                    <i class=\"stm-icon-engine_fill\"><\/i>\n                        \n                                                    <span>1950 cm3<\/span>\n                                            <\/li>\n                                                                                <li>\n                                                    <i class=\"stm-icon-speedometr2\"><\/i>\n                        \n                                                    <span>245 cv<\/span>\n                                            <\/li>\n                                                                                <li>\n                                                    <i class=\"stm-icon-transmission_fill\"><\/i>\n                        \n                        \n                            \n                                                                                                <span>Auto<\/span>\n                                                            \n                                            <\/li>\n                                                                                <li>\n                                                    <i class=\"stm-service-icon-two_users\"><\/i>\n                        \n                                                    <span>5 pax<\/span>\n                                            <\/li>\n                                    <\/ul>\n    <\/div>\n\n\t\t<\/div>\n\t<\/a>\n<\/div>\n\n<div\n    class=\"col-md-4 col-sm-4 col-xs-12 col-xxs-12  stm-directory-grid-loop stm-isotope-listing-item all  18-meses-382 alcantara-641 automatica-129 automatico-395 automovel-577 carrinha-372 cinzento-475 cinzento-504 classe-1-478 clubman-cooper-sd-auto-1275 cooper-sd-auto-1267 destaques-571 diesel-168 mini-671 nao-544 pele-392 portugal-384 preto-477 sim-365 sim-367 sim-388 sim-390 sim-476 sim-482 traccao-dianteira-378 usado-612 listing_is_active\"\n    data-price=\"28900\"\n    data-date=\"202512160333\"\n    data-mileage=\"\"\n>\n    <a href=\"https:\/\/cardouro.pt\/en\/veiculos\/mini-clubman-cooper-sd-auto\/\" class=\"rmv_txt_drctn\">\n        \n<div class=\"image\">\n                <img\n            data-src=\"https:\/\/cardouro.pt\/wp-content\/uploads\/2025\/12\/IMG_5596-255x135.jpg\"\n            srcset=\"https:\/\/cardouro.pt\/wp-content\/uploads\/2025\/12\/IMG_5596-255x135.jpg 1x, https:\/\/cardouro.pt\/wp-content\/uploads\/2025\/12\/IMG_5596-510x270.jpg 2x\"\n            src=\"https:\/\/cardouro.pt\/wp-content\/themes\/motors-child\/assets\/images\/plchldr255.png\"\n            class=\"lazy img-responsive\"\n            alt=\"IMG_5596\"\n        \/>\n    \n\t    \n    <\/div>\n\t\t<div class=\"listing-car-item-meta\">\n\n            <div class=\"car-meta-top heading-font clearfix\">\n\t                                    <div class=\"price\">\n                    <div class=\"normal-price\">\u20ac28.900<\/div>\n                <\/div>\n                            <div class=\"car-title\" data-max-char=\"44\">\n        Mini Clubman Cooper SD Auto    <\/div>\n<\/div>\n                <div class=\"car-meta-bottom\">\n        <ul>\n                                                                <li>\n                                                    <i class=\"stm-icon-fuel\"><\/i>\n                        \n                        \n                            \n                                                                                                <span>Diesel<\/span>\n                                                            \n                                            <\/li>\n                                                                                <li>\n                                                    <i class=\"stm-icon-road\"><\/i>\n                        \n                                                    <span>93616 km<\/span>\n                                            <\/li>\n                                                                                <li>\n                                                    <i class=\"stm-icon-engine_fill\"><\/i>\n                        \n                                                    <span>1995 cm3<\/span>\n                                            <\/li>\n                                                                                <li>\n                                                    <i class=\"stm-icon-speedometr2\"><\/i>\n                        \n                                                    <span>190 cv<\/span>\n                                            <\/li>\n                                                                                <li>\n                                                    <i class=\"stm-icon-transmission_fill\"><\/i>\n                        \n                        \n                            \n                                                                                                <span>Auto<\/span>\n                                                            \n                                            <\/li>\n                                                                                <li>\n                                                    <i class=\"stm-service-icon-two_users\"><\/i>\n                        \n                                                    <span>5 pax<\/span>\n                                            <\/li>\n                                    <\/ul>\n    <\/div>\n\n\t\t<\/div>\n\t<\/a>\n<\/div>\n\n<div\n    class=\"col-md-4 col-sm-4 col-xs-12 col-xxs-12  stm-directory-grid-loop stm-isotope-listing-item all  12-abril-2029-1266 18-meses-382 automatica-129 automatico-395 automovel-577 cinzento-475 classe-1-478 destaques-571 discovery-sport-phev-r-dynamic-se-1283 gasolina-206 hibrido-216 integral-377 land-rover-500 panoramico-595 pele-392 phev-r-dynamic-se-1265 portugal-384 preto-477 sim-365 sim-367 sim-388 sim-390 sim-476 sim-482 suv-tt-374 usado-612 listing_is_active\"\n    data-price=\"52900\"\n    data-date=\"202511250539\"\n    data-mileage=\"\"\n>\n    <a href=\"https:\/\/cardouro.pt\/en\/veiculos\/land-rover-discovery-sport-phev-r-dynamic-se\/\" class=\"rmv_txt_drctn\">\n        \n<div class=\"image\">\n                <img\n            data-src=\"https:\/\/cardouro.pt\/wp-content\/uploads\/2025\/11\/IMG_5327-255x135.jpg\"\n            srcset=\"https:\/\/cardouro.pt\/wp-content\/uploads\/2025\/11\/IMG_5327-255x135.jpg 1x, https:\/\/cardouro.pt\/wp-content\/uploads\/2025\/11\/IMG_5327-510x270.jpg 2x\"\n            src=\"https:\/\/cardouro.pt\/wp-content\/themes\/motors-child\/assets\/images\/plchldr255.png\"\n            class=\"lazy img-responsive\"\n            alt=\"IMG_5327\"\n        \/>\n    \n\t    \n    <\/div>\n\t\t<div class=\"listing-car-item-meta\">\n\n            <div class=\"car-meta-top heading-font clearfix\">\n\t                                    <div class=\"price\">\n                    <div class=\"normal-price\">\u20ac52.900<\/div>\n                <\/div>\n                            <div class=\"car-title\" data-max-char=\"44\">\n        Land Rover Discovery Sport PHEV R-Dynamic SE    <\/div>\n<\/div>\n                <div class=\"car-meta-bottom\">\n        <ul>\n                                                                <li>\n                                                    <i class=\"stm-icon-fuel\"><\/i>\n                        \n                        \n                            \n                                                            \n                                    <span\n                                        class=\"stm-tooltip-link\"\n                                        data-toggle=\"tooltip\"\n                                        data-placement=\"bottom\"\n                                        title=\"Gasolina, H\u00edbrido\">\n\t\t\t\t\t\t\t\t\t\t\t\t\t\tGasoline<span class=\"stm-dots dots-aligned\">...<\/span>\t\t\t\t\t\t\t\t\t\t\t\t\t<\/span>\n\n                                                            \n                                            <\/li>\n                                                                                <li>\n                                                    <i class=\"stm-icon-road\"><\/i>\n                        \n                                                    <span>20418 km<\/span>\n                                            <\/li>\n                                                                                <li>\n                                                    <i class=\"stm-icon-engine_fill\"><\/i>\n                        \n                                                    <span>1498 cm3<\/span>\n                                            <\/li>\n                                                                                <li>\n                                                    <i class=\"stm-icon-speedometr2\"><\/i>\n                        \n                                                    <span>309 cv<\/span>\n                                            <\/li>\n                                                                                <li>\n                                                    <i class=\"stm-icon-transmission_fill\"><\/i>\n                        \n                        \n                            \n                                                                                                <span>Auto<\/span>\n                                                            \n                                            <\/li>\n                                                                                <li>\n                                                    <i class=\"stm-service-icon-two_users\"><\/i>\n                        \n                                                    <span>5 pax<\/span>\n                                            <\/li>\n                                    <\/ul>\n    <\/div>\n\n\t\t<\/div>\n\t<\/a>\n<\/div>\n\n<div\n    class=\"col-md-4 col-sm-4 col-xs-12 col-xxs-12  stm-directory-grid-loop stm-isotope-listing-item all  18-meses-382 4matic-792 automatica-129 automatico-395 automovel-577 camel-1159 cinzento-475 classe-1-478 coupe-376 destaques-571 gasolina-206 importado-735 integral-377 mercedes-benz-232 panoramico-595 pele-392 s450-4matic-1284 sim-365 sim-367 sim-388 sim-390 sim-476 sim-482 usado-612 listing_is_active\"\n    data-price=\"69900\"\n    data-date=\"202511240413\"\n    data-mileage=\"\"\n>\n    <a href=\"https:\/\/cardouro.pt\/en\/veiculos\/mercedes-benz-s450-4matic\/\" class=\"rmv_txt_drctn\">\n        \n<div class=\"image\">\n                <img\n            data-src=\"https:\/\/cardouro.pt\/wp-content\/uploads\/2024\/10\/IMG_1544-255x135.jpg\"\n            srcset=\"https:\/\/cardouro.pt\/wp-content\/uploads\/2024\/10\/IMG_1544-255x135.jpg 1x, https:\/\/cardouro.pt\/wp-content\/uploads\/2024\/10\/IMG_1544-510x270.jpg 2x\"\n            src=\"https:\/\/cardouro.pt\/wp-content\/themes\/motors-child\/assets\/images\/plchldr255.png\"\n            class=\"lazy img-responsive\"\n            alt=\"IMG_1544\"\n        \/>\n    \n\t    \n    <\/div>\n\t\t<div class=\"listing-car-item-meta\">\n\n            <div class=\"car-meta-top heading-font clearfix\">\n\t                                    <div class=\"price\">\n                    <div class=\"normal-price\">\u20ac69.900<\/div>\n                <\/div>\n                            <div class=\"car-title\" data-max-char=\"44\">\n        Mercedes-Benz S450 4MATIC    <\/div>\n<\/div>\n                <div class=\"car-meta-bottom\">\n        <ul>\n                                                                <li>\n                                                    <i class=\"stm-icon-fuel\"><\/i>\n                        \n                        \n                            \n                                                                                                <span>Gasoline<\/span>\n                                                            \n                                            <\/li>\n                                                                                <li>\n                                                    <i class=\"stm-icon-road\"><\/i>\n                        \n                                                    <span>121088 km<\/span>\n                                            <\/li>\n                                                                                <li>\n                                                    <i class=\"stm-icon-engine_fill\"><\/i>\n                        \n                                                    <span>2996 cm3<\/span>\n                                            <\/li>\n                                                                                <li>\n                                                    <i class=\"stm-icon-speedometr2\"><\/i>\n                        \n                                                    <span>367 cv<\/span>\n                                            <\/li>\n                                                                                <li>\n                                                    <i class=\"stm-icon-transmission_fill\"><\/i>\n                        \n                        \n                            \n                                                                                                <span>Auto<\/span>\n                                                            \n                                            <\/li>\n                                                                                <li>\n                                                    <i class=\"stm-service-icon-two_users\"><\/i>\n                        \n                                                    <span>4 pax<\/span>\n                                            <\/li>\n                                    <\/ul>\n    <\/div>\n\n\t\t<\/div>\n\t<\/a>\n<\/div>\n        <\/div>\n    \n    <\/div>\n        <div class=\"stm_ajax_pagination stm-blog-pagination\">\n        <ul class='page-numbers'>\n\t<li><span aria-current=\"page\" class=\"page-numbers current\">1<\/span><\/li>\n\t<li><a class=\"page-numbers\" href=\"https:\/\/cardouro.pt\/en\/wp-json\/wp\/v2\/pages\/11060\/page\/2\/\">2<\/a><\/li>\n\t<li><a class=\"page-numbers\" href=\"https:\/\/cardouro.pt\/en\/wp-json\/wp\/v2\/pages\/11060\/page\/3\/\">3<\/a><\/li>\n\t<li><span class=\"page-numbers dots\">&hellip;<\/span><\/li>\n\t<li><a class=\"page-numbers\" href=\"https:\/\/cardouro.pt\/en\/wp-json\/wp\/v2\/pages\/11060\/page\/7\/\">7<\/a><\/li>\n\t<li><a class=\"next page-numbers\" href=\"https:\/\/cardouro.pt\/en\/wp-json\/wp\/v2\/pages\/11060\/page\/2\/\"><i class=\"fas fa-angle-right\"><\/i><\/a><\/li>\n<\/ul>\n    <\/div>\n            <\/div>\n        <\/div>\n\n    <\/div> <!--col-md-9-->\n<\/div>    <\/div>\n<\/div><\/div>\n\t\t\t\t<\/div>\n\t\t\t\t<\/div>\n\t\t\t\t\t<\/div>\n\t\t<\/div>\n\t\t\t\t\t\t\t<\/div>\n\t\t<\/section>\n\t\t\t\t\t\t<\/div>\n\t\t\t\t\t<\/div>","protected":false},"excerpt":{"rendered":"<p>Cars<\/p>","protected":false},"author":1,"featured_media":0,"parent":0,"menu_order":0,"comment_status":"closed","ping_status":"closed","template":"elementor_header_footer","meta":{"_links_to":"","_links_to_target":""},"yoast_head":"<!-- This site is optimized with the Yoast SEO plugin v17.1 - https:\/\/yoast.com\/wordpress\/plugins\/seo\/ -->\n<title>Autom\u00f3veis - Cardouro<\/title>\n<meta name=\"description\" content=\"O nosso ADN passa por uma sele\u00e7\u00e3o criteriosa dos nossos autom\u00f3veis. Comercializamos viaturas nacionais. Especialistas na venda de autom\u00f3veis multimarcas de luxo.\" \/>\n<meta name=\"robots\" content=\"index, follow, max-snippet:-1, max-image-preview:large, max-video-preview:-1\" \/>\n<link rel=\"canonical\" href=\"https:\/\/cardouro.pt\/en\/automoveis\/\" \/>\n<meta property=\"og:locale\" content=\"en_GB\" \/>\n<meta property=\"og:type\" content=\"article\" \/>\n<meta property=\"og:title\" content=\"Autom\u00f3veis - Cardouro\" \/>\n<meta property=\"og:description\" content=\"O nosso ADN passa por uma sele\u00e7\u00e3o criteriosa dos nossos autom\u00f3veis. Comercializamos viaturas nacionais. Especialistas na venda de autom\u00f3veis multimarcas de luxo.\" \/>\n<meta property=\"og:url\" content=\"https:\/\/cardouro.pt\/en\/automoveis\/\" \/>\n<meta property=\"og:site_name\" content=\"Cardouro\" \/>\n<meta property=\"article:publisher\" content=\"https:\/\/www.facebook.com\/cardouro\/\" \/>\n<meta property=\"article:modified_time\" content=\"2021-08-18T22:58:41+00:00\" \/>\n<meta name=\"twitter:card\" content=\"summary_large_image\" \/>\n<meta name=\"twitter:label1\" content=\"Estimated reading time\" \/>\n\t<meta name=\"twitter:data1\" content=\"1 minute\" \/>\n<script type=\"application\/ld+json\" class=\"yoast-schema-graph\">{\"@context\":\"https:\/\/schema.org\",\"@graph\":[{\"@type\":\"Organization\",\"@id\":\"https:\/\/cardouro.pt\/#organization\",\"name\":\"CARDOURO\",\"url\":\"https:\/\/cardouro.pt\/\",\"sameAs\":[\"https:\/\/www.facebook.com\/cardouro\/\",\"https:\/\/www.instagram.com\/cardouroautomoveis\/\",\"https:\/\/www.youtube.com\/channel\/UC1jwa-BW3QxIDzfSMWfufjA\"],\"logo\":{\"@type\":\"ImageObject\",\"@id\":\"https:\/\/cardouro.pt\/#logo\",\"inLanguage\":\"en-GB\",\"url\":\"\",\"contentUrl\":\"\",\"caption\":\"CARDOURO\"},\"image\":{\"@id\":\"https:\/\/cardouro.pt\/#logo\"}},{\"@type\":\"WebSite\",\"@id\":\"https:\/\/cardouro.pt\/#website\",\"url\":\"https:\/\/cardouro.pt\/\",\"name\":\"Cardouro\",\"description\":\"Autom\\u00f3veis Multimarcas de luxo\",\"publisher\":{\"@id\":\"https:\/\/cardouro.pt\/#organization\"},\"potentialAction\":[{\"@type\":\"SearchAction\",\"target\":{\"@type\":\"EntryPoint\",\"urlTemplate\":\"https:\/\/cardouro.pt\/?s={search_term_string}\"},\"query-input\":\"required name=search_term_string\"}],\"inLanguage\":\"en-GB\"},{\"@type\":\"ImageObject\",\"@id\":\"https:\/\/cardouro.pt\/automoveis\/#primaryimage\",\"inLanguage\":\"en-GB\",\"url\":\"\",\"contentUrl\":\"\"},{\"@type\":\"WebPage\",\"@id\":\"https:\/\/cardouro.pt\/automoveis\/#webpage\",\"url\":\"https:\/\/cardouro.pt\/automoveis\/\",\"name\":\"Autom\\u00f3veis - Cardouro\",\"isPartOf\":{\"@id\":\"https:\/\/cardouro.pt\/#website\"},\"datePublished\":\"2021-04-30T16:13:07+00:00\",\"dateModified\":\"2021-08-18T22:58:41+00:00\",\"description\":\"O nosso ADN passa por uma sele\\u00e7\\u00e3o criteriosa dos nossos autom\\u00f3veis. Comercializamos viaturas nacionais. Especialistas na venda de autom\\u00f3veis multimarcas de luxo.\",\"breadcrumb\":{\"@id\":\"https:\/\/cardouro.pt\/automoveis\/#breadcrumb\"},\"inLanguage\":\"en-GB\",\"potentialAction\":[{\"@type\":\"ReadAction\",\"target\":[\"https:\/\/cardouro.pt\/automoveis\/\"]}]},{\"@type\":\"BreadcrumbList\",\"@id\":\"https:\/\/cardouro.pt\/automoveis\/#breadcrumb\",\"itemListElement\":[{\"@type\":\"ListItem\",\"position\":1,\"name\":\"In\\u00edcio\",\"item\":\"https:\/\/cardouro.pt\/\"},{\"@type\":\"ListItem\",\"position\":2,\"name\":\"Autom\\u00f3veis\"}]}]}<\/script>\n<!-- \/ Yoast SEO plugin. -->","yoast_head_json":{"title":"Autom\u00f3veis - Cardouro","description":"O nosso ADN passa por uma sele\u00e7\u00e3o criteriosa dos nossos autom\u00f3veis. Comercializamos viaturas nacionais. Especialistas na venda de autom\u00f3veis multimarcas de luxo.","robots":{"index":"index","follow":"follow","max-snippet":"max-snippet:-1","max-image-preview":"max-image-preview:large","max-video-preview":"max-video-preview:-1"},"canonical":"https:\/\/cardouro.pt\/en\/automoveis\/","og_locale":"en_GB","og_type":"article","og_title":"Autom\u00f3veis - Cardouro","og_description":"O nosso ADN passa por uma sele\u00e7\u00e3o criteriosa dos nossos autom\u00f3veis. Comercializamos viaturas nacionais. Especialistas na venda de autom\u00f3veis multimarcas de luxo.","og_url":"https:\/\/cardouro.pt\/en\/automoveis\/","og_site_name":"Cardouro","article_publisher":"https:\/\/www.facebook.com\/cardouro\/","article_modified_time":"2021-08-18T22:58:41+00:00","twitter_card":"summary_large_image","twitter_misc":{"Estimated reading time":"1 minute"},"schema":{"@context":"https:\/\/schema.org","@graph":[{"@type":"Organization","@id":"https:\/\/cardouro.pt\/#organization","name":"CARDOURO","url":"https:\/\/cardouro.pt\/","sameAs":["https:\/\/www.facebook.com\/cardouro\/","https:\/\/www.instagram.com\/cardouroautomoveis\/","https:\/\/www.youtube.com\/channel\/UC1jwa-BW3QxIDzfSMWfufjA"],"logo":{"@type":"ImageObject","@id":"https:\/\/cardouro.pt\/#logo","inLanguage":"en-GB","url":"","contentUrl":"","caption":"CARDOURO"},"image":{"@id":"https:\/\/cardouro.pt\/#logo"}},{"@type":"WebSite","@id":"https:\/\/cardouro.pt\/#website","url":"https:\/\/cardouro.pt\/","name":"Cardouro","description":"Autom\u00f3veis Multimarcas de luxo","publisher":{"@id":"https:\/\/cardouro.pt\/#organization"},"potentialAction":[{"@type":"SearchAction","target":{"@type":"EntryPoint","urlTemplate":"https:\/\/cardouro.pt\/?s={search_term_string}"},"query-input":"required name=search_term_string"}],"inLanguage":"en-GB"},{"@type":"ImageObject","@id":"https:\/\/cardouro.pt\/automoveis\/#primaryimage","inLanguage":"en-GB","url":"","contentUrl":""},{"@type":"WebPage","@id":"https:\/\/cardouro.pt\/automoveis\/#webpage","url":"https:\/\/cardouro.pt\/automoveis\/","name":"Autom\u00f3veis - Cardouro","isPartOf":{"@id":"https:\/\/cardouro.pt\/#website"},"datePublished":"2021-04-30T16:13:07+00:00","dateModified":"2021-08-18T22:58:41+00:00","description":"O nosso ADN passa por uma sele\u00e7\u00e3o criteriosa dos nossos autom\u00f3veis. Comercializamos viaturas nacionais. Especialistas na venda de autom\u00f3veis multimarcas de luxo.","breadcrumb":{"@id":"https:\/\/cardouro.pt\/automoveis\/#breadcrumb"},"inLanguage":"en-GB","potentialAction":[{"@type":"ReadAction","target":["https:\/\/cardouro.pt\/automoveis\/"]}]},{"@type":"BreadcrumbList","@id":"https:\/\/cardouro.pt\/automoveis\/#breadcrumb","itemListElement":[{"@type":"ListItem","position":1,"name":"In\u00edcio","item":"https:\/\/cardouro.pt\/"},{"@type":"ListItem","position":2,"name":"Autom\u00f3veis"}]}]}},"_links":{"self":[{"href":"https:\/\/cardouro.pt\/en\/wp-json\/wp\/v2\/pages\/11060"}],"collection":[{"href":"https:\/\/cardouro.pt\/en\/wp-json\/wp\/v2\/pages"}],"about":[{"href":"https:\/\/cardouro.pt\/en\/wp-json\/wp\/v2\/types\/page"}],"author":[{"embeddable":true,"href":"https:\/\/cardouro.pt\/en\/wp-json\/wp\/v2\/users\/1"}],"replies":[{"embeddable":true,"href":"https:\/\/cardouro.pt\/en\/wp-json\/wp\/v2\/comments?post=11060"}],"version-history":[{"count":320,"href":"https:\/\/cardouro.pt\/en\/wp-json\/wp\/v2\/pages\/11060\/revisions"}],"predecessor-version":[{"id":14796,"href":"https:\/\/cardouro.pt\/en\/wp-json\/wp\/v2\/pages\/11060\/revisions\/14796"}],"wp:attachment":[{"href":"https:\/\/cardouro.pt\/en\/wp-json\/wp\/v2\/media?parent=11060"}],"curies":[{"name":"wp","href":"https:\/\/api.w.org\/{rel}","templated":true}]}}